{"id":3749,"date":"2022-08-12T12:53:33","date_gmt":"2022-08-12T10:53:33","guid":{"rendered":"https:\/\/freund-interim.com\/impronta\/"},"modified":"2023-06-03T11:54:31","modified_gmt":"2023-06-03T09:54:31","slug":"impronta","status":"publish","type":"page","link":"https:\/\/freund-interim.com\/it\/impronta\/","title":{"rendered":"Impronta"},"content":{"rendered":"\t\t<div data-elementor-type=\"wp-page\" data-elementor-id=\"3749\" class=\"elementor elementor-3749 elementor-1056\" data-elementor-settings=\"{&quot;ha_cmc_init_switcher&quot;:&quot;no&quot;}\" data-elementor-post-type=\"page\">\n\t\t\t\t\t\t<section class=\"elementor-section elementor-top-section elementor-element elementor-element-eaef34d elementor-section-stretched elementor-section-boxed elementor-section-height-default elementor-section-height-default\" data-id=\"eaef34d\" data-element_type=\"section\" data-settings=\"{&quot;stretch_section&quot;:&quot;section-stretched&quot;,&quot;background_background&quot;:&quot;classic&quot;,&quot;_ha_eqh_enable&quot;:false}\">\n\t\t\t\t\t\t<div class=\"elementor-container elementor-column-gap-default\">\n\t\t\t\t\t<div class=\"elementor-column elementor-col-100 elementor-top-column elementor-element elementor-element-665994c\" data-id=\"665994c\" data-element_type=\"column\">\n\t\t\t<div class=\"elementor-widget-wrap elementor-element-populated\">\n\t\t\t\t\t\t<div class=\"elementor-element elementor-element-d7783e2 elementor-widget elementor-widget-text-editor\" data-id=\"d7783e2\" data-element_type=\"widget\" data-widget_type=\"text-editor.default\">\n\t\t\t\t<div class=\"elementor-widget-container\">\n\t\t\t\t\t\t\t\t\t<p><strong>Informazioni ai sensi del \u00a7 5 TMG:<\/strong><\/p>\n<p>Oliver Friend<br \/>Am Rauenbusch 7<br \/>42799 Leichlingen<\/p>\n<p>Mobile +49 160 907 33 231<br \/><a href=\"mailto:oliver.freund@freund-interim.com\">oliver.freund@freund-interim.com<\/a><\/p>\n<p><strong>Responsabile del contenuto ai sensi del \u00a7 55 para. 2 RStV:<\/strong><br \/>Oliver Friend<\/p>\n<p><strong>Ideazione e realizzazione:<\/strong><\/p>\n<p><a href=\"https:\/\/www.forma-interim.de\/\" target=\"_blank\" rel=\"noopener\"><strong>Forma-Interim<\/strong><\/a><br \/><a href=\"https:\/\/www.forma-interim.de\/\" target=\"_blank\" rel=\"noopener\">Marketing per chi fa<\/a><\/p>\n<h3>Esclusione di responsabilit\u00e0<\/h3>\n<p><strong>Responsabilit\u00e0 per i contenuti<\/strong><br \/>I contenuti di queste pagine sono stati creati con la massima cura. Tuttavia, non posso assumermi alcuna responsabilit\u00e0 per la correttezza, la completezza e l&#8217;attualit\u00e0 dei contenuti. In qualit\u00e0 di fornitore di servizi, sono, ai sensi del \u00a7 7 comma 1 TMG \u00e8 responsabile dei propri contenuti su queste pagine in conformit\u00e0 alle leggi generali. Ai sensi dei \u00a7\u00a7 8-10 TMG, tuttavia, non sono obbligato, in qualit\u00e0 di fornitore di servizi, a monitorare le informazioni trasmesse o memorizzate da terzi o a indagare su circostanze che indicano un&#8217;attivit\u00e0 illegale. L&#8217;obbligo di rimuovere o bloccare l&#8217;uso delle informazioni in conformit\u00e0 alle leggi generali rimane inalterato. Tuttavia, la responsabilit\u00e0 in questo senso \u00e8 possibile solo a partire dal momento in cui si viene a conoscenza di una violazione concreta. Se vengo a conoscenza di tali violazioni, rimuover\u00f2 immediatamente il contenuto.<\/p>\n<p><strong>Responsabilit\u00e0 per i link<\/strong><br \/>La mia offerta contiene link a siti web esterni di terzi, sui cui contenuti non ho alcuna influenza. Pertanto, non posso assumermi alcuna responsabilit\u00e0 per questi contenuti esterni. Il rispettivo fornitore o gestore delle pagine \u00e8 sempre responsabile del contenuto delle pagine collegate. Le pagine collegate sono state controllate per verificare eventuali violazioni legali al momento del collegamento. I contenuti illegali non erano riconoscibili al momento del collegamento. Tuttavia, un controllo permanente dei contenuti delle pagine collegate non \u00e8 ragionevole senza indicazioni concrete di una violazione della legge. Se vengo a conoscenza di violazioni della legge, rimuover\u00f2 immediatamente tali link.<\/p>\n<p><strong>Copyright<\/strong><br \/>I contenuti e le opere create dal gestore del sito su queste pagine sono soggetti alla legge tedesca sul diritto d&#8217;autore. La riproduzione, la modifica, la distribuzione e qualsiasi tipo di utilizzo al di fuori dei limiti della legge sul copyright richiedono il consenso scritto del rispettivo autore o creatore. Sono consentiti download e copie di questa pagina solo per uso privato e non commerciale. Nella misura in cui i contenuti di questa pagina non sono stati creati dal gestore, si rispettano i diritti d&#8217;autore di terzi. In particolare, i contenuti di terzi sono identificati come tali. Se tuttavia doveste venire a conoscenza di una violazione del copyright, vi prego di informarmi di conseguenza. Se vengo a conoscenza di eventuali violazioni, rimuover\u00f2 immediatamente tali contenuti.<\/p>\n<p><a href=\"https:\/\/freund-interim.com\/datenschutzerklaerung\/\">Informativa sulla privacy<\/a><\/p>\n\t\t\t\t\t\t\t\t<\/div>\n\t\t\t\t<\/div>\n\t\t\t\t\t<\/div>\n\t\t<\/div>\n\t\t\t\t\t<\/div>\n\t\t<\/section>\n\t\t\t\t<\/div>\n\t\t","protected":false},"excerpt":{"rendered":"<p>Informazioni ai sensi del \u00a7 5 TMG: Oliver FriendAm Rauenbusch 742799 Leichlingen Mobile +49 160 907 33 231oliver.freund@freund-interim.com Responsabile del contenuto ai sensi del \u00a7 55 para. 2 RStV:Oliver Friend Ideazione e realizzazione: Forma-InterimMarketing per chi fa Esclusione di responsabilit\u00e0 Responsabilit\u00e0 per i contenutiI contenuti di queste pagine sono stati creati con la massima cura. [&hellip;]<\/p>\n","protected":false},"author":1,"featured_media":0,"parent":0,"menu_order":99,"comment_status":"closed","ping_status":"closed","template":"","meta":{"site-sidebar-layout":"no-sidebar","site-content-layout":"page-builder","ast-site-content-layout":"full-width-container","site-content-style":"unboxed","site-sidebar-style":"unboxed","ast-global-header-display":"","ast-banner-title-visibility":"","ast-main-header-display":"","ast-hfb-above-header-display":"","ast-hfb-below-header-display":"","ast-hfb-mobile-header-display":"","site-post-title":"disabled","ast-breadcrumbs-content":"","ast-featured-img":"disabled","footer-sml-layout":"","theme-transparent-header-meta":"disabled","adv-header-id-meta":"","stick-header-meta":"","header-above-stick-meta":"","header-main-stick-meta":"","header-below-stick-meta":"","astra-migrate-meta-layouts":"default","ast-page-background-enabled":"default","ast-page-background-meta":{"desktop":{"background-color":"var(--ast-global-color-4)","background-image":"","background-repeat":"repeat","background-position":"center center","background-size":"auto","background-attachment":"scroll","background-type":"","background-media":"","overlay-type":"","overlay-color":"","overlay-opacity":"","overlay-gradient":""},"tablet":{"background-color":"","background-image":"","background-repeat":"repeat","background-position":"center center","background-size":"auto","background-attachment":"scroll","background-type":"","background-media":"","overlay-type":"","overlay-color":"","overlay-opacity":"","overlay-gradient":""},"mobile":{"background-color":"","background-image":"","background-repeat":"repeat","background-position":"center center","background-size":"auto","background-attachment":"scroll","background-type":"","background-media":"","overlay-type":"","overlay-color":"","overlay-opacity":"","overlay-gradient":""}},"ast-content-background-meta":{"desktop":{"background-color":"var(--ast-global-color-5)","background-image":"","background-repeat":"repeat","background-position":"center center","background-size":"auto","background-attachment":"scroll","background-type":"","background-media":"","overlay-type":"","overlay-color":"","overlay-opacity":"","overlay-gradient":""},"tablet":{"background-color":"var(--ast-global-color-5)","background-image":"","background-repeat":"repeat","background-position":"center center","background-size":"auto","background-attachment":"scroll","background-type":"","background-media":"","overlay-type":"","overlay-color":"","overlay-opacity":"","overlay-gradient":""},"mobile":{"background-color":"var(--ast-global-color-5)","background-image":"","background-repeat":"repeat","background-position":"center center","background-size":"auto","background-attachment":"scroll","background-type":"","background-media":"","overlay-type":"","overlay-color":"","overlay-opacity":"","overlay-gradient":""}},"footnotes":""},"class_list":["post-3749","page","type-page","status-publish","hentry"],"yoast_head":"<!-- This site is optimized with the Yoast SEO plugin v25.5 - https:\/\/yoast.com\/wordpress\/plugins\/seo\/ -->\n<title>Impronta | Oliver Freund<\/title>\n<meta name=\"robots\" content=\"index, follow, max-snippet:-1, max-image-preview:large, max-video-preview:-1\" \/>\n<link rel=\"canonical\" href=\"https:\/\/freund-interim.com\/it\/impronta\/\" \/>\n<meta property=\"og:locale\" content=\"it_IT\" \/>\n<meta property=\"og:type\" content=\"article\" \/>\n<meta property=\"og:title\" content=\"Impronta | Oliver Freund\" \/>\n<meta property=\"og:description\" content=\"Informazioni ai sensi del \u00a7 5 TMG: Oliver FriendAm Rauenbusch 742799 Leichlingen Mobile +49 160 907 33 231oliver.freund@freund-interim.com Responsabile del contenuto ai sensi del \u00a7 55 para. 2 RStV:Oliver Friend Ideazione e realizzazione: Forma-InterimMarketing per chi fa Esclusione di responsabilit\u00e0 Responsabilit\u00e0 per i contenutiI contenuti di queste pagine sono stati creati con la massima cura. [&hellip;]\" \/>\n<meta property=\"og:url\" content=\"https:\/\/freund-interim.com\/it\/impronta\/\" \/>\n<meta property=\"og:site_name\" content=\"Oliver Freund\" \/>\n<meta property=\"article:modified_time\" content=\"2023-06-03T09:54:31+00:00\" \/>\n<meta property=\"og:image\" content=\"https:\/\/freund-interim.com\/wp-content\/uploads\/2022\/10\/Oliver-Freund-Interim-Management-zitat-angebot.jpg\" \/>\n\t<meta property=\"og:image:width\" content=\"2000\" \/>\n\t<meta property=\"og:image:height\" content=\"1200\" \/>\n\t<meta property=\"og:image:type\" content=\"image\/jpeg\" \/>\n<meta name=\"twitter:card\" content=\"summary_large_image\" \/>\n<meta name=\"twitter:label1\" content=\"Tempo di lettura stimato\" \/>\n\t<meta name=\"twitter:data1\" content=\"2 minuti\" \/>\n<script type=\"application\/ld+json\" class=\"yoast-schema-graph\">{\"@context\":\"https:\/\/schema.org\",\"@graph\":[{\"@type\":\"WebPage\",\"@id\":\"https:\/\/freund-interim.com\/it\/impronta\/\",\"url\":\"https:\/\/freund-interim.com\/it\/impronta\/\",\"name\":\"Impronta | Oliver Freund\",\"isPartOf\":{\"@id\":\"https:\/\/freund-interim.com\/it\/#website\"},\"datePublished\":\"2022-08-12T10:53:33+00:00\",\"dateModified\":\"2023-06-03T09:54:31+00:00\",\"breadcrumb\":{\"@id\":\"https:\/\/freund-interim.com\/it\/impronta\/#breadcrumb\"},\"inLanguage\":\"it-IT\",\"potentialAction\":[{\"@type\":\"ReadAction\",\"target\":[\"https:\/\/freund-interim.com\/it\/impronta\/\"]}]},{\"@type\":\"BreadcrumbList\",\"@id\":\"https:\/\/freund-interim.com\/it\/impronta\/#breadcrumb\",\"itemListElement\":[{\"@type\":\"ListItem\",\"position\":1,\"name\":\"Startseite\",\"item\":\"https:\/\/freund-interim.com\/it\/casa\/\"},{\"@type\":\"ListItem\",\"position\":2,\"name\":\"Impronta\"}]},{\"@type\":\"WebSite\",\"@id\":\"https:\/\/freund-interim.com\/it\/#website\",\"url\":\"https:\/\/freund-interim.com\/it\/\",\"name\":\"Oliver Freund\",\"description\":\"Interim Management\",\"publisher\":{\"@id\":\"https:\/\/freund-interim.com\/it\/#\/schema\/person\/8401dcfebe6e946cea922998fbabd2f4\"},\"alternateName\":\"Interim Management Finance\",\"potentialAction\":[{\"@type\":\"SearchAction\",\"target\":{\"@type\":\"EntryPoint\",\"urlTemplate\":\"https:\/\/freund-interim.com\/it\/?s={search_term_string}\"},\"query-input\":{\"@type\":\"PropertyValueSpecification\",\"valueRequired\":true,\"valueName\":\"search_term_string\"}}],\"inLanguage\":\"it-IT\"},{\"@type\":[\"Person\",\"Organization\"],\"@id\":\"https:\/\/freund-interim.com\/it\/#\/schema\/person\/8401dcfebe6e946cea922998fbabd2f4\",\"name\":\"Oliver\",\"image\":{\"@type\":\"ImageObject\",\"inLanguage\":\"it-IT\",\"@id\":\"https:\/\/freund-interim.com\/it\/#\/schema\/person\/image\/\",\"url\":\"https:\/\/freund-interim.com\/wp-content\/uploads\/2022\/10\/Oliver-Freund-Interim-Management-portrait.jpg\",\"contentUrl\":\"https:\/\/freund-interim.com\/wp-content\/uploads\/2022\/10\/Oliver-Freund-Interim-Management-portrait.jpg\",\"width\":2000,\"height\":1120,\"caption\":\"Oliver\"},\"logo\":{\"@id\":\"https:\/\/freund-interim.com\/it\/#\/schema\/person\/image\/\"},\"description\":\"Mein Name ist Oliver Freund. Ich bin Interim Executive und gehe als CFO, CEO oder Leiter PMO in Unternehmen, die international t\u00e4tig sind. Meine Auftraggeber sind produzierende Unternehmen -in erster Linie aus den Bereichen Automotive, Medizintechnik und High tech.\"}]}<\/script>\n<!-- \/ Yoast SEO plugin. -->","yoast_head_json":{"title":"Impronta | Oliver Freund","robots":{"index":"index","follow":"follow","max-snippet":"max-snippet:-1","max-image-preview":"max-image-preview:large","max-video-preview":"max-video-preview:-1"},"canonical":"https:\/\/freund-interim.com\/it\/impronta\/","og_locale":"it_IT","og_type":"article","og_title":"Impronta | Oliver Freund","og_description":"Informazioni ai sensi del \u00a7 5 TMG: Oliver FriendAm Rauenbusch 742799 Leichlingen Mobile +49 160 907 33 231oliver.freund@freund-interim.com Responsabile del contenuto ai sensi del \u00a7 55 para. 2 RStV:Oliver Friend Ideazione e realizzazione: Forma-InterimMarketing per chi fa Esclusione di responsabilit\u00e0 Responsabilit\u00e0 per i contenutiI contenuti di queste pagine sono stati creati con la massima cura. [&hellip;]","og_url":"https:\/\/freund-interim.com\/it\/impronta\/","og_site_name":"Oliver Freund","article_modified_time":"2023-06-03T09:54:31+00:00","og_image":[{"width":2000,"height":1200,"url":"https:\/\/freund-interim.com\/wp-content\/uploads\/2022\/10\/Oliver-Freund-Interim-Management-zitat-angebot.jpg","type":"image\/jpeg"}],"twitter_card":"summary_large_image","twitter_misc":{"Tempo di lettura stimato":"2 minuti"},"schema":{"@context":"https:\/\/schema.org","@graph":[{"@type":"WebPage","@id":"https:\/\/freund-interim.com\/it\/impronta\/","url":"https:\/\/freund-interim.com\/it\/impronta\/","name":"Impronta | Oliver Freund","isPartOf":{"@id":"https:\/\/freund-interim.com\/it\/#website"},"datePublished":"2022-08-12T10:53:33+00:00","dateModified":"2023-06-03T09:54:31+00:00","breadcrumb":{"@id":"https:\/\/freund-interim.com\/it\/impronta\/#breadcrumb"},"inLanguage":"it-IT","potentialAction":[{"@type":"ReadAction","target":["https:\/\/freund-interim.com\/it\/impronta\/"]}]},{"@type":"BreadcrumbList","@id":"https:\/\/freund-interim.com\/it\/impronta\/#breadcrumb","itemListElement":[{"@type":"ListItem","position":1,"name":"Startseite","item":"https:\/\/freund-interim.com\/it\/casa\/"},{"@type":"ListItem","position":2,"name":"Impronta"}]},{"@type":"WebSite","@id":"https:\/\/freund-interim.com\/it\/#website","url":"https:\/\/freund-interim.com\/it\/","name":"Oliver Freund","description":"Interim Management","publisher":{"@id":"https:\/\/freund-interim.com\/it\/#\/schema\/person\/8401dcfebe6e946cea922998fbabd2f4"},"alternateName":"Interim Management Finance","potentialAction":[{"@type":"SearchAction","target":{"@type":"EntryPoint","urlTemplate":"https:\/\/freund-interim.com\/it\/?s={search_term_string}"},"query-input":{"@type":"PropertyValueSpecification","valueRequired":true,"valueName":"search_term_string"}}],"inLanguage":"it-IT"},{"@type":["Person","Organization"],"@id":"https:\/\/freund-interim.com\/it\/#\/schema\/person\/8401dcfebe6e946cea922998fbabd2f4","name":"Oliver","image":{"@type":"ImageObject","inLanguage":"it-IT","@id":"https:\/\/freund-interim.com\/it\/#\/schema\/person\/image\/","url":"https:\/\/freund-interim.com\/wp-content\/uploads\/2022\/10\/Oliver-Freund-Interim-Management-portrait.jpg","contentUrl":"https:\/\/freund-interim.com\/wp-content\/uploads\/2022\/10\/Oliver-Freund-Interim-Management-portrait.jpg","width":2000,"height":1120,"caption":"Oliver"},"logo":{"@id":"https:\/\/freund-interim.com\/it\/#\/schema\/person\/image\/"},"description":"Mein Name ist Oliver Freund. Ich bin Interim Executive und gehe als CFO, CEO oder Leiter PMO in Unternehmen, die international t\u00e4tig sind. Meine Auftraggeber sind produzierende Unternehmen -in erster Linie aus den Bereichen Automotive, Medizintechnik und High tech."}]}},"_links":{"self":[{"href":"https:\/\/freund-interim.com\/it\/wp-json\/wp\/v2\/pages\/3749","targetHints":{"allow":["GET"]}}],"collection":[{"href":"https:\/\/freund-interim.com\/it\/wp-json\/wp\/v2\/pages"}],"about":[{"href":"https:\/\/freund-interim.com\/it\/wp-json\/wp\/v2\/types\/page"}],"author":[{"embeddable":true,"href":"https:\/\/freund-interim.com\/it\/wp-json\/wp\/v2\/users\/1"}],"replies":[{"embeddable":true,"href":"https:\/\/freund-interim.com\/it\/wp-json\/wp\/v2\/comments?post=3749"}],"version-history":[{"count":1,"href":"https:\/\/freund-interim.com\/it\/wp-json\/wp\/v2\/pages\/3749\/revisions"}],"predecessor-version":[{"id":3752,"href":"https:\/\/freund-interim.com\/it\/wp-json\/wp\/v2\/pages\/3749\/revisions\/3752"}],"wp:attachment":[{"href":"https:\/\/freund-interim.com\/it\/wp-json\/wp\/v2\/media?parent=3749"}],"curies":[{"name":"wp","href":"https:\/\/api.w.org\/{rel}","templated":true}]}}